{"id":38,"date":"2020-11-12T14:57:33","date_gmt":"2020-11-12T14:57:33","guid":{"rendered":"http:\/\/domainedepamadera.nl\/?page_id=38"},"modified":"2022-01-06T16:03:30","modified_gmt":"2022-01-06T16:03:30","slug":"covid","status":"publish","type":"page","link":"https:\/\/domainedepamadera.nl\/fr\/covid\/","title":{"rendered":"Covid"},"content":{"rendered":"<p><center><\/center><br \/>\n<span style=\"font-family: 'Rock Salt';\"><strong><span lang=\"fr\">au Domaine de Pamadera<\/span><\/strong><\/span><\/p>\n<p>Nous avons affaire \u00e0 Covid 19 (Corona) partout dans le monde. Parce que les d\u00e9veloppements et les mesures suivent rapidement, vous recevrez \u00e0 votre arriv\u00e9e un A4 avec toutes les r\u00e8gles avec lesquelles nous au sein du Domaine de Pamadera voulons contribuer \u00e0 arr\u00eater le virus afin que vous et tous les habitants de notre domaine puissiez passer de merveilleuses vacances. Ce n&rsquo;est que si nous suivons tous ces r\u00e8gles que nous pourrons offrir \u00e0 tous ceux qui souhaitent nous rendre visite cette saison la m\u00eame exp\u00e9rience inoubliable.<\/p>\n<p>Merci de votre compr\u00e9hension et si vous avez des questions sur la r\u00e9daction de ce que vous avez re\u00e7u, veuillez nous contacter pour plus de pr\u00e9cisions.<\/p>\n<p>Nous nous tenons \u00e0 1,5 m\u00e8tre de votre propre bulle, vous pensez donc r\u00e9guli\u00e8rement \u00e0 vous d\u00e9sinfecter les mains.<\/p>\n<p>&nbsp;<\/p>\n<p><strong>Protocol\u00a0 Covig 19 op Domaine de Pamadera<\/strong><\/p>\n<p><img decoding=\"async\" loading=\"lazy\" class=\"alignnone size-medium wp-image-911\" src=\"https:\/\/domainedepamadera.nl\/wp-content\/uploads\/2021\/03\/20210183-Doezelaar-24450-Mialet-Transparant-300x200.png\" alt=\"\" width=\"300\" height=\"200\" srcset=\"https:\/\/domainedepamadera.nl\/wp-content\/uploads\/2021\/03\/20210183-Doezelaar-24450-Mialet-Transparant-300x200.png 300w, https:\/\/domainedepamadera.nl\/wp-content\/uploads\/2021\/03\/20210183-Doezelaar-24450-Mialet-Transparant-272x182.png 272w, https:\/\/domainedepamadera.nl\/wp-content\/uploads\/2021\/03\/20210183-Doezelaar-24450-Mialet-Transparant.png 699w\" sizes=\"(max-width: 300px) 100vw, 300px\" \/><\/p>\n<p><strong>\u00a0<\/strong><strong>\u00a0 \u00a0 \u00a0 \u00a0 \u00a0 \u00a0 \u00a0 \u00a0 \u00a0 \u00a0 \u00a0 \u00a0 \u00a0 \u00a0 \u00a0 \u00a0 \u00a0 \u00a0 \u00a0 \u00a0 \u00a0 \u00a0 \u00a0 \u00a0 \u00a0 \u00a0 \u00a0\u00a0<\/strong><strong>\u00a0<\/strong><br \/>\n<span style=\"font-family: 'Rock Salt';\"><strong><span lang=\"fr\">\u00a0 \u00a0 \u00a0 \u00a0 \u00a0 \u00a0 \u00a0 \u00a0 \u00a0 \u00a0 \u00a0 \u00a0 \u00a0 \u00a0 \u00a0 \u00a0 \u00a0 \u00a0 \u00a0 \u00a0 \u00a0 \u00a0 \u00a0 \u00a0 \u00a0 \u00a0 \u00a0 \u00a0 \u00a0 \u00a0 \u00a0 \u00a0 \u00a0 \u00a0 \u00a0 \u00a0 \u00a0 \u00a0 Version jan 2022<\/span><\/strong><\/span><\/p>\n<p>Honorables invit\u00e9s,<\/p>\n<p>Dans votre et notre int\u00e9r\u00eat, nous avons un protocole Covid 19 au Domaine de Pamadera. Nous adh\u00e9rons strictement aux directives qui nous sont assign\u00e9es par le gouvernement fran\u00e7ais et la municipalit\u00e9 locale. Nous vous demandons d&rsquo;observer et de respecter ces consignes lors de votre s\u00e9jour.<\/p>\n<p>Nous souhaitons que la bulle du Domaine de Pamadera reste aussi saine que possible afin que vous et vos futurs h\u00f4tes puissiez profiter de mani\u00e8re optimale de vacances bien m\u00e9rit\u00e9es.<\/p>\n<p>Avez-vous un commentaire pendant votre s\u00e9jour ou pensez-vous que les choses devraient \u00eatre arrang\u00e9es diff\u00e9remment, merci de nous le faire savoir. Nous verrons ensuite s&rsquo;il est possible de s&rsquo;y conformer.<\/p>\n<p>Protocole Covid 19;<\/p>\n<p>* Nous demandons \u00e0 tous ceux qui ont des plaintes de le signaler et de vous faire tester \u00e0 l&rsquo;avance pour Corona<\/p>\n<p>* En cas de r\u00e9clamations persistantes, nous vous demandons de reporter vos vacances \u00e0 une date ult\u00e9rieure lorsque vous n&rsquo;avez plus de r\u00e9clamations.<\/p>\n<p>* Nous gardons une distance allant jusqu&rsquo;\u00e0 1,5 m\u00e8tre avec d&rsquo;autres personnes qui n&rsquo;appartiennent pas \u00e0 notre propre bulle.<\/p>\n<p>* Nous vous proposons plusieurs emplacements sur notre Domaine pour vous d\u00e9sinfecter les mains<\/p>\n<p>* Nous nettoyons et d\u00e9sinfectons les lieux o\u00f9 plusieurs personnes se r\u00e9unissent, plusieurs fois par jour.<\/p>\n<p>* Nous conservons actuellement un espace suppl\u00e9mentaire entre les si\u00e8ges sous les v\u00e9randas<\/p>\n<p>Merci de votre coop\u00e9ration pour pouvoir offrir \u00e0 chacun un s\u00e9jour agr\u00e9able et sain.<\/p>\n<p>\u00c9quipe Domaine de Pamadera<\/p>\n<p><strong>\u00a0 \u00a0 \u00a0 \u00a0 \u00a0 \u00a0 \u00a0 \u00a0 \u00a0 \u00a0 \u00a0 \u00a0 \u00a0 \u00a0 \u00a0 \u00a0 \u00a0<\/strong><\/p>\n","protected":false},"excerpt":{"rendered":"<p>au Domaine de Pamadera Nous avons affaire \u00e0 Covid 19 (Corona) partout dans le monde. Parce que les d\u00e9veloppements et les mesures suivent rapidement, vous recevrez \u00e0 votre arriv\u00e9e un A4 avec toutes les r\u00e8gles avec lesquelles nous au sein du Domaine de Pamadera voulons contribuer \u00e0 arr\u00eater le virus afin que vous et tous [&hellip;]<\/p>\n","protected":false},"author":1,"featured_media":0,"parent":0,"menu_order":0,"comment_status":"closed","ping_status":"closed","template":"","meta":{"footnotes":""},"_links":{"self":[{"href":"https:\/\/domainedepamadera.nl\/fr\/wp-json\/wp\/v2\/pages\/38"}],"collection":[{"href":"https:\/\/domainedepamadera.nl\/fr\/wp-json\/wp\/v2\/pages"}],"about":[{"href":"https:\/\/domainedepamadera.nl\/fr\/wp-json\/wp\/v2\/types\/page"}],"author":[{"embeddable":true,"href":"https:\/\/domainedepamadera.nl\/fr\/wp-json\/wp\/v2\/users\/1"}],"replies":[{"embeddable":true,"href":"https:\/\/domainedepamadera.nl\/fr\/wp-json\/wp\/v2\/comments?post=38"}],"version-history":[{"count":36,"href":"https:\/\/domainedepamadera.nl\/fr\/wp-json\/wp\/v2\/pages\/38\/revisions"}],"predecessor-version":[{"id":1671,"href":"https:\/\/domainedepamadera.nl\/fr\/wp-json\/wp\/v2\/pages\/38\/revisions\/1671"}],"wp:attachment":[{"href":"https:\/\/domainedepamadera.nl\/fr\/wp-json\/wp\/v2\/media?parent=38"}],"curies":[{"name":"wp","href":"https:\/\/api.w.org\/{rel}","templated":true}]}}